{"id":619,"date":"2019-10-10T13:41:44","date_gmt":"2019-10-10T13:41:44","guid":{"rendered":"https:\/\/the7.io\/yoga\/?page_id=619"},"modified":"2019-10-10T13:41:44","modified_gmt":"2019-10-10T13:41:44","slug":"testimonials","status":"publish","type":"page","link":"https:\/\/philippi-collection.de\/en\/about\/testimonials\/","title":{"rendered":"Testimonials"},"content":{"rendered":"<p>[vc_row][vc_column]<style type=\"text\/css\" data-type=\"the7_shortcodes-inline-css\">.dt-testimonials-shortcode.testimonials-masonry-shortcode-id-16da9569c1ede2985ccf0bfda77a1fb9 .testimonial-item {\n  padding: 0px 2px 0px 2px;\n}\n.dt-testimonials-shortcode.testimonials-masonry-shortcode-id-16da9569c1ede2985ccf0bfda77a1fb9 .testimonial-name,\n.dt-testimonials-shortcode.testimonials-masonry-shortcode-id-16da9569c1ede2985ccf0bfda77a1fb9 .testimonial-name a,\n.dt-testimonials-shortcode.testimonials-masonry-shortcode-id-16da9569c1ede2985ccf0bfda77a1fb9 .testimonial-name span {\n  margin-bottom: 0px;\n}\n.dt-testimonials-shortcode.testimonials-masonry-shortcode-id-16da9569c1ede2985ccf0bfda77a1fb9 .testimonial-position {\n  margin-bottom: 20px;\n}\n.dt-testimonials-shortcode.testimonials-masonry-shortcode-id-16da9569c1ede2985ccf0bfda77a1fb9  .testimonial-avatar {\n  padding: 0px 20px 20px 0px;\n}\n.dt-testimonials-shortcode.testimonials-masonry-shortcode-id-16da9569c1ede2985ccf0bfda77a1fb9  .testimonial-avatar a,\n.dt-testimonials-shortcode.testimonials-masonry-shortcode-id-16da9569c1ede2985ccf0bfda77a1fb9  .testimonial-avatar span,\n.dt-testimonials-shortcode.testimonials-masonry-shortcode-id-16da9569c1ede2985ccf0bfda77a1fb9  .testimonial-avatar img {\n  max-width: 70px;\n}\n.dt-testimonials-shortcode.testimonials-masonry-shortcode-id-16da9569c1ede2985ccf0bfda77a1fb9 .dt-css-grid .testimonial-avatar img,\n.dt-testimonials-shortcode.testimonials-masonry-shortcode-id-16da9569c1ede2985ccf0bfda77a1fb9 .dt-css-grid .testimonial-avatar svg {\n  max-width: 100%;\n}\n.dt-testimonials-shortcode.testimonials-masonry-shortcode-id-16da9569c1ede2985ccf0bfda77a1fb9.layout-5:not(.hide-testimonial-avatar) .content-wrap,\n.dt-testimonials-shortcode.testimonials-masonry-shortcode-id-16da9569c1ede2985ccf0bfda77a1fb9.layout-6:not(.hide-testimonial-avatar) .content-wrap {\n  width: calc(100% - 70px - 20px - 0px);\n}\n.dt-testimonials-shortcode.testimonials-masonry-shortcode-id-16da9569c1ede2985ccf0bfda77a1fb9 .testimonial-content {\n  margin-bottom: 0px;\n}\n.dt-testimonials-shortcode.testimonials-masonry-shortcode-id-16da9569c1ede2985ccf0bfda77a1fb9  .testimonial-avatar,\n.dt-testimonials-shortcode.testimonials-masonry-shortcode-id-16da9569c1ede2985ccf0bfda77a1fb9  .testimonial-avatar a.rollover,\n.dt-testimonials-shortcode.testimonials-masonry-shortcode-id-16da9569c1ede2985ccf0bfda77a1fb9  .testimonial-avatar a.rollover *,\n.dt-testimonials-shortcode.testimonials-masonry-shortcode-id-16da9569c1ede2985ccf0bfda77a1fb9  .testimonial-avatar img,\n.dt-testimonials-shortcode.testimonials-masonry-shortcode-id-16da9569c1ede2985ccf0bfda77a1fb9  .testimonial-avatar .no-avatar,\n.dt-testimonials-shortcode.testimonials-masonry-shortcode-id-16da9569c1ede2985ccf0bfda77a1fb9  .testim-no-avatar {\n  border-radius: 60px;\n}\n.dt-testimonials-shortcode.testimonials-masonry-shortcode-id-16da9569c1ede2985ccf0bfda77a1fb9  .testimonial-avatar .no-avatar {\n  height: 70px;\n}\n.dt-testimonials-shortcode.testimonials-masonry-shortcode-id-16da9569c1ede2985ccf0bfda77a1fb9  .testimonial-avatar .no-avatar {\n  font-size: 70px;\n  width: 70px;\n}\n.dt-testimonials-shortcode.testimonials-masonry-shortcode-id-16da9569c1ede2985ccf0bfda77a1fb9 .filter-bg-decoration .filter-categories a.act {\n  color: #fff;\n}\n.dt-testimonials-shortcode.testimonials-masonry-shortcode-id-16da9569c1ede2985ccf0bfda77a1fb9 .paginator a,\n.dt-testimonials-shortcode.testimonials-masonry-shortcode-id-16da9569c1ede2985ccf0bfda77a1fb9 .paginator a * {\n  color: ;\n}\n.dt-testimonials-shortcode.testimonials-masonry-shortcode-id-16da9569c1ede2985ccf0bfda77a1fb9:not(.resize-by-browser-width) .dt-css-grid {\n  grid-row-gap: 50px;\n  grid-column-gap: 50px;\n  grid-template-columns: repeat(auto-fill,minmax(,1fr));\n}\n.cssgridlegacy.no-cssgrid .dt-testimonials-shortcode.testimonials-masonry-shortcode-id-16da9569c1ede2985ccf0bfda77a1fb9:not(.resize-by-browser-width) .dt-css-grid,\n.no-cssgridlegacy.no-cssgrid .dt-testimonials-shortcode.testimonials-masonry-shortcode-id-16da9569c1ede2985ccf0bfda77a1fb9:not(.resize-by-browser-width) .dt-css-grid {\n  display: flex;\n  flex-flow: row wrap;\n  margin: -25px;\n}\n.cssgridlegacy.no-cssgrid .dt-testimonials-shortcode.testimonials-masonry-shortcode-id-16da9569c1ede2985ccf0bfda77a1fb9:not(.resize-by-browser-width) .dt-css-grid .wf-cell,\n.no-cssgridlegacy.no-cssgrid .dt-testimonials-shortcode.testimonials-masonry-shortcode-id-16da9569c1ede2985ccf0bfda77a1fb9:not(.resize-by-browser-width) .dt-css-grid .wf-cell {\n  flex: 1 0 ;\n  min-width: ;\n  max-width: 100%;\n  padding: 25px;\n  box-sizing: border-box;\n}\n.dt-testimonials-shortcode.testimonials-masonry-shortcode-id-16da9569c1ede2985ccf0bfda77a1fb9.resize-by-browser-width .dt-css-grid {\n  grid-template-columns: repeat(2,1fr);\n  grid-template-rows: auto;\n  grid-column-gap: 50px;\n  grid-row-gap: 50px;\n}\n.cssgridlegacy.no-cssgrid .dt-testimonials-shortcode.testimonials-masonry-shortcode-id-16da9569c1ede2985ccf0bfda77a1fb9.resize-by-browser-width .dt-css-grid,\n.no-cssgridlegacy.no-cssgrid .dt-testimonials-shortcode.testimonials-masonry-shortcode-id-16da9569c1ede2985ccf0bfda77a1fb9.resize-by-browser-width .dt-css-grid {\n  margin: -25px;\n}\n.cssgridlegacy.no-cssgrid .dt-testimonials-shortcode.testimonials-masonry-shortcode-id-16da9569c1ede2985ccf0bfda77a1fb9.resize-by-browser-width .dt-css-grid .wf-cell,\n.no-cssgridlegacy.no-cssgrid .dt-testimonials-shortcode.testimonials-masonry-shortcode-id-16da9569c1ede2985ccf0bfda77a1fb9.resize-by-browser-width .dt-css-grid .wf-cell {\n  width: 50%;\n  padding: 25px;\n}\n@media screen and (max-width: 1199px) {\n  .dt-testimonials-shortcode.testimonials-masonry-shortcode-id-16da9569c1ede2985ccf0bfda77a1fb9.resize-by-browser-width .dt-css-grid {\n    grid-template-columns: repeat(2,1fr);\n  }\n  .cssgridlegacy.no-cssgrid .dt-testimonials-shortcode.testimonials-masonry-shortcode-id-16da9569c1ede2985ccf0bfda77a1fb9.resize-by-browser-width .dt-css-grid .wf-cell,\n  .no-cssgridlegacy.no-cssgrid .dt-testimonials-shortcode.testimonials-masonry-shortcode-id-16da9569c1ede2985ccf0bfda77a1fb9.resize-by-browser-width .dt-css-grid .wf-cell {\n    width: 50%;\n  }\n}\n@media screen and (max-width: 991px) {\n  .dt-testimonials-shortcode.testimonials-masonry-shortcode-id-16da9569c1ede2985ccf0bfda77a1fb9.resize-by-browser-width .dt-css-grid {\n    grid-template-columns: repeat(1,1fr);\n  }\n  .cssgridlegacy.no-cssgrid .dt-testimonials-shortcode.testimonials-masonry-shortcode-id-16da9569c1ede2985ccf0bfda77a1fb9.resize-by-browser-width .dt-css-grid .wf-cell,\n  .no-cssgridlegacy.no-cssgrid .dt-testimonials-shortcode.testimonials-masonry-shortcode-id-16da9569c1ede2985ccf0bfda77a1fb9.resize-by-browser-width .dt-css-grid .wf-cell {\n    width: 100%;\n  }\n}\n@media screen and (max-width: 767px) {\n  .dt-testimonials-shortcode.testimonials-masonry-shortcode-id-16da9569c1ede2985ccf0bfda77a1fb9.resize-by-browser-width .dt-css-grid {\n    grid-template-columns: repeat(1,1fr);\n  }\n  .cssgridlegacy.no-cssgrid .dt-testimonials-shortcode.testimonials-masonry-shortcode-id-16da9569c1ede2985ccf0bfda77a1fb9.resize-by-browser-width .dt-css-grid .wf-cell,\n  .no-cssgridlegacy.no-cssgrid .dt-testimonials-shortcode.testimonials-masonry-shortcode-id-16da9569c1ede2985ccf0bfda77a1fb9.resize-by-browser-width .dt-css-grid .wf-cell {\n    width: 100%;\n  }\n}\n<\/style><div class=\"dt-testimonials-masonry-shortcode dt-testimonials-shortcode testimonials-masonry-shortcode-id-16da9569c1ede2985ccf0bfda77a1fb9 loading-effect-none content-align-left mode-grid content-bg-off layout-4 scale-img dt-css-grid-wrap jquery-filter dt-css-grid-wrap resize-by-browser-width  \" data-padding=\"25px\" data-cur-page=\"1\" data-post-limit=\"-1\" data-pagination-mode=\"none\" data-desktop-columns-num=\"2\" data-v-tablet-columns-num=\"1\" data-h-tablet-columns-num=\"2\" data-phone-columns-num=\"1\" data-width=\"0px\" data-columns=\"0\"><div class=\"dt-css-grid\" ><div class=\"visible wf-cell\" data-post-id=\"1518\" data-date=\"2020-09-30T14:01:16+02:00\" data-name=\"MDR Figaro\"><div class=\"testimonial-item post visible\"><div class=\"testimonial-author\"><div class=\"testimonial-avatar\"><span class=\"testimonial-thumb layzr-bg\"><img class=\"preload-me iso-lazy-load\" src=\"data:image\/svg+xml,%3Csvg%20xmlns%3D&#39;http%3A%2F%2Fwww.w3.org%2F2000%2Fsvg&#39;%20viewBox%3D&#39;0%200%2070%2070&#39;%2F%3E\" data-src=\"https:\/\/philippi-collection.de\/wp-content\/uploads\/2020\/09\/figaro-70x70.png\" data-srcset=\"https:\/\/philippi-collection.de\/wp-content\/uploads\/2020\/09\/figaro-70x70.png 70w, https:\/\/philippi-collection.de\/wp-content\/uploads\/2020\/09\/figaro-108x108.png 108w\" width=\"70\" height=\"70\"   alt=\"\" \/><\/span><\/div><div class=\"testimonial-vcard\"><div class=\"testimonial-name\"><span class=\"text-primary\">MDR Figaro<\/span><br \/><\/div><div class=\"testimonial-position\"><span class=\"text-secondary color-secondary\">24. April 2016<\/span><\/div><\/div><\/div><div class=\"testimonial-content\"><p>,,Dieter Philippi und seine Sammlung mit geistlichen Kopfbedeckungen&#8220;<\/p>\n<\/div><\/div><\/div><div class=\"visible wf-cell\" data-post-id=\"1516\" data-date=\"2020-09-30T13:58:21+02:00\" data-name=\"Handelsblatt\"><div class=\"testimonial-item post visible\"><div class=\"testimonial-author\"><div class=\"testimonial-avatar\"><span class=\"testimonial-thumb layzr-bg\"><img class=\"preload-me iso-lazy-load\" src=\"data:image\/svg+xml,%3Csvg%20xmlns%3D&#39;http%3A%2F%2Fwww.w3.org%2F2000%2Fsvg&#39;%20viewBox%3D&#39;0%200%2070%2070&#39;%2F%3E\" data-src=\"https:\/\/philippi-collection.de\/wp-content\/uploads\/2020\/09\/blatt-70x70.png\" data-srcset=\"https:\/\/philippi-collection.de\/wp-content\/uploads\/2020\/09\/blatt-70x70.png 70w, https:\/\/philippi-collection.de\/wp-content\/uploads\/2020\/09\/blatt-140x140.png 140w\" width=\"70\" height=\"70\"   alt=\"\" \/><\/span><\/div><div class=\"testimonial-vcard\"><div class=\"testimonial-name\"><span class=\"text-primary\">Handelsblatt<\/span><br \/><\/div><div class=\"testimonial-position\"><span class=\"text-secondary color-secondary\">April 2016<\/span><\/div><\/div><\/div><div class=\"testimonial-content\"><p>J\u00e4ger und Sammler &#8220;Von religi\u00f6sen Kopfbedeckungen bis zu sozialistischen Plakaten: Viele Manager sammeln mit Leidenschaft. Ihre Motive sind dabei so unterschiedlich wie ihre Sch\u00e4tze.&#8221;<\/p>\n<\/div><\/div><\/div><div class=\"visible wf-cell\" data-post-id=\"1515\" data-date=\"2020-09-30T13:55:33+02:00\" data-name=\"Saarbr\u00fccker Zeitung\"><div class=\"testimonial-item post visible\"><div class=\"testimonial-author\"><div class=\"testimonial-avatar\"><span class=\"testimonial-thumb layzr-bg\"><img class=\"preload-me iso-lazy-load\" src=\"data:image\/svg+xml,%3Csvg%20xmlns%3D&#39;http%3A%2F%2Fwww.w3.org%2F2000%2Fsvg&#39;%20viewBox%3D&#39;0%200%2070%2070&#39;%2F%3E\" data-src=\"https:\/\/philippi-collection.de\/wp-content\/uploads\/2020\/09\/SZ-70x70.png\" data-srcset=\"https:\/\/philippi-collection.de\/wp-content\/uploads\/2020\/09\/SZ-70x70.png 70w, https:\/\/philippi-collection.de\/wp-content\/uploads\/2020\/09\/SZ-121x121.png 121w\" width=\"70\" height=\"70\"   alt=\"\" \/><\/span><\/div><div class=\"testimonial-vcard\"><div class=\"testimonial-name\"><span class=\"text-primary\">Saarbr\u00fccker Zeitung<\/span><br \/><\/div><div class=\"testimonial-position\"><span class=\"text-secondary color-secondary\">24. Februar 2015<\/span><\/div><\/div><\/div><div class=\"testimonial-content\"><p>Der Herr der H\u00fcte &#8220;Ein St. Ingberter hat eine einmalige Sammlung religi\u00f6ser Kopfbedeckungen aufgebaut.&#8221;<\/p>\n<\/div><\/div><\/div><div class=\"visible wf-cell\" data-post-id=\"1514\" data-date=\"2020-09-30T13:53:55+02:00\" data-name=\"Saarl\u00e4ndischer Rundfunk\"><div class=\"testimonial-item post visible\"><div class=\"testimonial-author\"><div class=\"testimonial-avatar\"><span class=\"testimonial-thumb layzr-bg\"><img class=\"preload-me iso-lazy-load\" src=\"data:image\/svg+xml,%3Csvg%20xmlns%3D&#39;http%3A%2F%2Fwww.w3.org%2F2000%2Fsvg&#39;%20viewBox%3D&#39;0%200%2070%2070&#39;%2F%3E\" data-src=\"https:\/\/philippi-collection.de\/wp-content\/uploads\/2020\/09\/SR2-70x70.png\" data-srcset=\"https:\/\/philippi-collection.de\/wp-content\/uploads\/2020\/09\/SR2-70x70.png 70w, https:\/\/philippi-collection.de\/wp-content\/uploads\/2020\/09\/SR2-140x140.png 140w\" width=\"70\" height=\"70\"   alt=\"\" \/><\/span><\/div><div class=\"testimonial-vcard\"><div class=\"testimonial-name\"><span class=\"text-primary\">Saarl\u00e4ndischer Rundfunk<\/span><br \/><\/div><div class=\"testimonial-position\"><span class=\"text-secondary color-secondary\">22. April 2015 <\/span><\/div><\/div><\/div><div class=\"testimonial-content\"><p>,,Der Herr der H\u00fcte&#8221;<\/p>\n<\/div><\/div><\/div><div class=\"visible wf-cell\" data-post-id=\"1512\" data-date=\"2020-09-30T13:52:02+02:00\" data-name=\"Impulse - Das Unternehmermagazin\"><div class=\"testimonial-item post visible\"><div class=\"testimonial-author\"><div class=\"testimonial-avatar\"><span class=\"testimonial-thumb layzr-bg\"><img class=\"preload-me iso-lazy-load\" src=\"data:image\/svg+xml,%3Csvg%20xmlns%3D&#39;http%3A%2F%2Fwww.w3.org%2F2000%2Fsvg&#39;%20viewBox%3D&#39;0%200%2070%2070&#39;%2F%3E\" data-src=\"https:\/\/philippi-collection.de\/wp-content\/uploads\/2020\/09\/impulse-70x70.png\" data-srcset=\"https:\/\/philippi-collection.de\/wp-content\/uploads\/2020\/09\/impulse-70x70.png 70w, https:\/\/philippi-collection.de\/wp-content\/uploads\/2020\/09\/impulse-140x140.png 140w\" width=\"70\" height=\"70\"   alt=\"\" \/><\/span><\/div><div class=\"testimonial-vcard\"><div class=\"testimonial-name\"><span class=\"text-primary\">Impulse &#8211; Das Unternehmermagazin<\/span><br \/><\/div><div class=\"testimonial-position\"><span class=\"text-secondary color-secondary\">01\/2015<\/span><\/div><\/div><\/div><div class=\"testimonial-content\"><p>Mein Schatz &#8211; Wohlbeh\u00fctet &#8220;Unzertrennlich Dieter Philippi hat die Kiste nie weggeworfen, in der ein indischer Priester ihm den gewickelten Turban schickte.&#8221;<\/p>\n<\/div><\/div><\/div><div class=\"visible wf-cell\" data-post-id=\"1510\" data-date=\"2020-09-30T13:47:56+02:00\" data-name=\"The Living Church\"><div class=\"testimonial-item post visible\"><div class=\"testimonial-author\"><div class=\"testimonial-avatar\"><span class=\"testimonial-thumb layzr-bg\"><img class=\"preload-me iso-lazy-load\" src=\"data:image\/svg+xml,%3Csvg%20xmlns%3D&#39;http%3A%2F%2Fwww.w3.org%2F2000%2Fsvg&#39;%20viewBox%3D&#39;0%200%2070%2070&#39;%2F%3E\" data-src=\"https:\/\/philippi-collection.de\/wp-content\/uploads\/2020\/09\/living-70x70.png\" data-srcset=\"https:\/\/philippi-collection.de\/wp-content\/uploads\/2020\/09\/living-70x70.png 70w, https:\/\/philippi-collection.de\/wp-content\/uploads\/2020\/09\/living-140x140.png 140w\" width=\"70\" height=\"70\"   alt=\"\" \/><\/span><\/div><div class=\"testimonial-vcard\"><div class=\"testimonial-name\"><span class=\"text-primary\">The Living Church<\/span><br \/><\/div><div class=\"testimonial-position\"><span class=\"text-secondary color-secondary\">September 1, 2013<\/span><\/div><\/div><\/div><div class=\"testimonial-content\"><p>The Language of Vesture written by The Very Rev. Peter Eaton &#8220;Dieter Philippi is a German businessman who has built up an impressive collection of religious headwear, a collection that is not confined to Christianity.&#8221;<\/p>\n<\/div><\/div><\/div><div class=\"visible wf-cell\" data-post-id=\"1508\" data-date=\"2020-09-30T13:42:28+02:00\" data-name=\"The Catholic Herald\"><div class=\"testimonial-item post visible\"><div class=\"testimonial-author\"><div class=\"testimonial-avatar\"><span class=\"testimonial-thumb layzr-bg\"><img class=\"preload-me iso-lazy-load\" src=\"data:image\/svg+xml,%3Csvg%20xmlns%3D&#39;http%3A%2F%2Fwww.w3.org%2F2000%2Fsvg&#39;%20viewBox%3D&#39;0%200%2070%2070&#39;%2F%3E\" data-src=\"https:\/\/philippi-collection.de\/wp-content\/uploads\/2020\/09\/catholic-70x70.png\" data-srcset=\"https:\/\/philippi-collection.de\/wp-content\/uploads\/2020\/09\/catholic-70x70.png 70w, https:\/\/philippi-collection.de\/wp-content\/uploads\/2020\/09\/catholic-140x140.png 140w\" width=\"70\" height=\"70\"   alt=\"\" \/><\/span><\/div><div class=\"testimonial-vcard\"><div class=\"testimonial-name\"><span class=\"text-primary\">The Catholic Herald<\/span><br \/><\/div><div class=\"testimonial-position\"><span class=\"text-secondary color-secondary\">June 21, 2013<\/span><\/div><\/div><\/div><div class=\"testimonial-content\"><p>Why I simply love the finest papal headwear &#8220;Dieter Philippi, owner the world&#8217;s largest collection of religious hats, explains why he began his quest for the best clerical headgear ever made.&#8221;<\/p>\n<\/div><\/div><\/div><div class=\"visible wf-cell\" data-post-id=\"1506\" data-date=\"2020-09-30T13:37:04+02:00\" data-name=\"Die Woch\"><div class=\"testimonial-item post visible\"><div class=\"testimonial-author\"><div class=\"testimonial-avatar\"><span class=\"testimonial-thumb layzr-bg\"><img class=\"preload-me iso-lazy-load\" src=\"data:image\/svg+xml,%3Csvg%20xmlns%3D&#39;http%3A%2F%2Fwww.w3.org%2F2000%2Fsvg&#39;%20viewBox%3D&#39;0%200%2070%2070&#39;%2F%3E\" data-src=\"https:\/\/philippi-collection.de\/wp-content\/uploads\/2020\/09\/die-woch-70x70.png\" data-srcset=\"https:\/\/philippi-collection.de\/wp-content\/uploads\/2020\/09\/die-woch-70x70.png 70w, https:\/\/philippi-collection.de\/wp-content\/uploads\/2020\/09\/die-woch-79x79.png 79w\" width=\"70\" height=\"70\"   alt=\"\" \/><\/span><\/div><div class=\"testimonial-vcard\"><div class=\"testimonial-name\"><span class=\"text-primary\">Die Woch<\/span><br \/><\/div><div class=\"testimonial-position\"><span class=\"text-secondary color-secondary\">4. Mai 2013<\/span><\/div><\/div><\/div><div class=\"testimonial-content\"><p>653 Kopfbedeckungen &#8220;Sammler Albert Philippi lie\u00df G\u00e4ste des sehr informativen Abends zum Thema christliche Kopfbedeckungen hoher W\u00fcrdentr\u00e4ger &#8220;hautnah&#8221; in Augenschein nehmen.&#8221;<\/p>\n<\/div><\/div><\/div><div class=\"visible wf-cell\" data-post-id=\"1505\" data-date=\"2020-09-30T13:31:47+02:00\" data-name=\"Wendekreis Nr. 4\/5\"><div class=\"testimonial-item post visible\"><div class=\"testimonial-author\"><div class=\"testimonial-avatar\"><span class=\"testimonial-thumb layzr-bg\"><img class=\"preload-me iso-lazy-load\" src=\"data:image\/svg+xml,%3Csvg%20xmlns%3D&#39;http%3A%2F%2Fwww.w3.org%2F2000%2Fsvg&#39;%20viewBox%3D&#39;0%200%2056%2056&#39;%2F%3E\" data-src=\"https:\/\/philippi-collection.de\/wp-content\/uploads\/2020\/09\/philippi-Logo-5-56x56.jpg\" data-srcset=\"https:\/\/philippi-collection.de\/wp-content\/uploads\/2020\/09\/philippi-Logo-5-56x56.jpg 56w\" width=\"56\" height=\"56\"   alt=\"\" \/><\/span><\/div><div class=\"testimonial-vcard\"><div class=\"testimonial-name\"><span class=\"text-primary\">Wendekreis Nr. 4\/5<\/span><br \/><\/div><div class=\"testimonial-position\"><span class=\"text-secondary color-secondary\">April\/Mai 2013<\/span><\/div><\/div><\/div><div class=\"testimonial-content\"><p>Des Papstes rote Schuhe &#8221; Dieter Philippi ist Spezialist f\u00fcr geistliche Kopfbedeckungen.&#8221;<\/p>\n<\/div><\/div><\/div><div class=\"visible wf-cell\" data-post-id=\"1504\" data-date=\"2020-09-30T13:26:51+02:00\" data-name=\"Alt\u00f6ttinger Liebfrauenbote Nr. 14\"><div class=\"testimonial-item post visible\"><div class=\"testimonial-author\"><div class=\"testimonial-avatar\"><span class=\"testimonial-thumb layzr-bg\"><img class=\"preload-me iso-lazy-load\" src=\"data:image\/svg+xml,%3Csvg%20xmlns%3D&#39;http%3A%2F%2Fwww.w3.org%2F2000%2Fsvg&#39;%20viewBox%3D&#39;0%200%2070%2070&#39;%2F%3E\" data-src=\"https:\/\/philippi-collection.de\/wp-content\/uploads\/2020\/09\/Lieb-70x70.png\" data-srcset=\"https:\/\/philippi-collection.de\/wp-content\/uploads\/2020\/09\/Lieb-70x70.png 70w, https:\/\/philippi-collection.de\/wp-content\/uploads\/2020\/09\/Lieb-139x139.png 139w\" width=\"70\" height=\"70\"   alt=\"\" \/><\/span><\/div><div class=\"testimonial-vcard\"><div class=\"testimonial-name\"><span class=\"text-primary\">Alt\u00f6ttinger Liebfrauenbote Nr. 14<\/span><br \/><\/div><div class=\"testimonial-position\"><span class=\"text-secondary color-secondary\">7. April 2013<\/span><\/div><\/div><\/div><div class=\"testimonial-content\"><p>Tiara &#8211; Verzicht auf die weltliche Macht &#8220;Bei der Generalaudienz am 25. Mai 2011 \u00fcbergab Dieter Philippi eine von ihm f\u00fcr Papst Benedikt XVI. in Auftrag gegebene Tiara an den Heiligen Vater (u.).<\/p>\n<\/div><\/div><\/div><div class=\"visible wf-cell\" data-post-id=\"1502\" data-date=\"2020-09-30T13:23:30+02:00\" data-name=\"mag&#039;s - Das Magazin Saar\"><div class=\"testimonial-item post visible\"><div class=\"testimonial-author\"><div class=\"testimonial-avatar\"><span class=\"testimonial-thumb layzr-bg\"><img class=\"preload-me iso-lazy-load\" src=\"data:image\/svg+xml,%3Csvg%20xmlns%3D&#39;http%3A%2F%2Fwww.w3.org%2F2000%2Fsvg&#39;%20viewBox%3D&#39;0%200%2070%2070&#39;%2F%3E\" data-src=\"https:\/\/philippi-collection.de\/wp-content\/uploads\/2020\/09\/mags-70x70.png\" data-srcset=\"https:\/\/philippi-collection.de\/wp-content\/uploads\/2020\/09\/mags-70x70.png 70w, https:\/\/philippi-collection.de\/wp-content\/uploads\/2020\/09\/mags-140x140.png 140w\" width=\"70\" height=\"70\"   alt=\"\" \/><\/span><\/div><div class=\"testimonial-vcard\"><div class=\"testimonial-name\"><span class=\"text-primary\">mag&#8217;s &#8211; Das Magazin Saar<\/span><br \/><\/div><div class=\"testimonial-position\"><span class=\"text-secondary color-secondary\">28. Februar 2013<\/span><\/div><\/div><\/div><div class=\"testimonial-content\"><p>,,Kleider machen Kirchenf\u00fcrsten&#8221;<\/p>\n<\/div><\/div><\/div><div class=\"visible wf-cell\" data-post-id=\"1501\" data-date=\"2020-09-30T13:20:41+02:00\" data-name=\"Saarl\u00e4nderinnen und Saarl\u00e4nder gr\u00fc\u00dfen den Heiligen Vater\"><div class=\"testimonial-item post visible\"><div class=\"testimonial-author\"><div class=\"testimonial-avatar\"><span class=\"testim-no-avatar\"><svg version=\"1.1\" xmlns=\"http:\/\/www.w3.org\/2000\/svg\" width=\"70\" height=\"70\" xmlns:xlink=\"http:\/\/www.w3.org\/1999\/xlink\" x=\"0px\" y=\"0px\"\n\t viewBox=\"0 0 60 60\" style=\"enable-background:new 0 0 60 60;\" xml:space=\"preserve\">\n<path d=\"M30,1.5c-16.542,0-30,12.112-30,27c0,5.204,1.646,10.245,4.768,14.604c-0.591,6.537-2.175,11.39-4.475,13.689\n\tc-0.304,0.304-0.38,0.769-0.188,1.153C0.275,58.289,0.625,58.5,1,58.5c0.046,0,0.092-0.003,0.139-0.01\n\tc0.405-0.057,9.813-1.411,16.618-5.339C21.621,54.71,25.737,55.5,30,55.5c16.542,0,30-12.112,30-27S46.542,1.5,30,1.5z M16,32.5\n\tc-2.206,0-4-1.794-4-4s1.794-4,4-4s4,1.794,4,4S18.206,32.5,16,32.5z M30,32.5c-2.206,0-4-1.794-4-4s1.794-4,4-4s4,1.794,4,4\n\tS32.206,32.5,30,32.5z M44,32.5c-2.206,0-4-1.794-4-4s1.794-4,4-4s4,1.794,4,4S46.206,32.5,44,32.5z\"\/>\n<\/svg><\/span><\/div><div class=\"testimonial-vcard\"><div class=\"testimonial-name\"><span class=\"text-primary\">Saarl\u00e4nderinnen und Saarl\u00e4nder gr\u00fc\u00dfen den Heiligen Vater<\/span><br \/><\/div><div class=\"testimonial-position\"><span class=\"text-secondary color-secondary\">7. Februar 2013<\/span><\/div><\/div><\/div><div class=\"testimonial-content\"><p>Die Tiara aus dem Saarland &#8220;Dieter Philippi, Unternehmer aus dem Saarland, \u00fcberreicht Seiner Heiligkeit, Papst Benedikt XVI. eine f\u00fcr ihn pers\u00f6nlich angefertigte Tiara.&#8221;<\/p>\n<\/div><\/div><\/div><div class=\"visible wf-cell\" data-post-id=\"1499\" data-date=\"2020-09-30T13:17:27+02:00\" data-name=\"VATICAN magazin\"><div class=\"testimonial-item post visible\"><div class=\"testimonial-author\"><div class=\"testimonial-avatar\"><span class=\"testimonial-thumb layzr-bg\"><img class=\"preload-me iso-lazy-load\" src=\"data:image\/svg+xml,%3Csvg%20xmlns%3D&#39;http%3A%2F%2Fwww.w3.org%2F2000%2Fsvg&#39;%20viewBox%3D&#39;0%200%2070%2070&#39;%2F%3E\" data-src=\"https:\/\/philippi-collection.de\/wp-content\/uploads\/2020\/09\/Vatican-70x70.png\" data-srcset=\"https:\/\/philippi-collection.de\/wp-content\/uploads\/2020\/09\/Vatican-70x70.png 70w, https:\/\/philippi-collection.de\/wp-content\/uploads\/2020\/09\/Vatican-130x130.png 130w\" width=\"70\" height=\"70\"   alt=\"\" \/><\/span><\/div><div class=\"testimonial-vcard\"><div class=\"testimonial-name\"><span class=\"text-primary\">VATICAN magazin<\/span><br \/><\/div><div class=\"testimonial-position\"><span class=\"text-secondary color-secondary\">Oktober 2012<\/span><\/div><\/div><\/div><div class=\"testimonial-content\"><p>Wer da wohnt unter des H\u00f6chsten Hut Die &#8220;Sammlung Philippi&#8221; gibt Auskuft \u00fcber die Kopfbedeckung der Religionen von Ulrich Nersinger &#8220;Die Sammlung Philippi gibt Auskunft \u00fcber die Kopfbedeckungen der Religionen.&#8221;<\/p>\n<\/div><\/div><\/div><div class=\"visible wf-cell\" data-post-id=\"1497\" data-date=\"2020-09-30T13:12:03+02:00\" data-name=\"Alt\u00f6ttinger Liebfrauenbote\"><div class=\"testimonial-item post visible\"><div class=\"testimonial-author\"><div class=\"testimonial-avatar\"><span class=\"testimonial-thumb layzr-bg\"><img class=\"preload-me iso-lazy-load\" src=\"data:image\/svg+xml,%3Csvg%20xmlns%3D&#39;http%3A%2F%2Fwww.w3.org%2F2000%2Fsvg&#39;%20viewBox%3D&#39;0%200%2070%2070&#39;%2F%3E\" data-src=\"https:\/\/philippi-collection.de\/wp-content\/uploads\/2020\/09\/Lieb-70x70.png\" data-srcset=\"https:\/\/philippi-collection.de\/wp-content\/uploads\/2020\/09\/Lieb-70x70.png 70w, https:\/\/philippi-collection.de\/wp-content\/uploads\/2020\/09\/Lieb-139x139.png 139w\" width=\"70\" height=\"70\"   alt=\"\" \/><\/span><\/div><div class=\"testimonial-vcard\"><div class=\"testimonial-name\"><span class=\"text-primary\">Alt\u00f6ttinger Liebfrauenbote<\/span><br \/><\/div><div class=\"testimonial-position\"><span class=\"text-secondary color-secondary\">8 Juli 2012<\/span><\/div><\/div><\/div><div class=\"testimonial-content\"><p>Gut beh\u00fctet in aller Welt &#8220;Vor rund 15 Jahren entdeckte Dieter Philippi aus Saarbr\u00fccken eine Leidenschaft, die ihn seitdem nicht mehr losl\u00e4sst: religi\u00f6se Kopfbedeckungen.&#8221;<\/p>\n<\/div><\/div><\/div><div class=\"visible wf-cell\" data-post-id=\"1495\" data-date=\"2020-09-30T13:08:04+02:00\" data-name=\"Paulinus, Wochenzeitung in Bistum Trier\"><div class=\"testimonial-item post visible\"><div class=\"testimonial-author\"><div class=\"testimonial-avatar\"><span class=\"testimonial-thumb layzr-bg\"><img class=\"preload-me iso-lazy-load\" src=\"data:image\/svg+xml,%3Csvg%20xmlns%3D&#39;http%3A%2F%2Fwww.w3.org%2F2000%2Fsvg&#39;%20viewBox%3D&#39;0%200%2070%2070&#39;%2F%3E\" data-src=\"https:\/\/philippi-collection.de\/wp-content\/uploads\/2020\/09\/paulinus-70x70.png\" data-srcset=\"https:\/\/philippi-collection.de\/wp-content\/uploads\/2020\/09\/paulinus-70x70.png 70w, https:\/\/philippi-collection.de\/wp-content\/uploads\/2020\/09\/paulinus-108x108.png 108w\" width=\"70\" height=\"70\"   alt=\"\" \/><\/span><\/div><div class=\"testimonial-vcard\"><div class=\"testimonial-name\"><span class=\"text-primary\">Paulinus, Wochenzeitung in Bistum Trier<\/span><br \/><\/div><div class=\"testimonial-position\"><span class=\"text-secondary color-secondary\">13. Mai 2012<\/span><\/div><\/div><\/div><div class=\"testimonial-content\"><p>Gut beh\u00fctet &#8211; und das gleich 560 Mal &#8220;Die Leidenschaft von Dieter Philippi gilt dem Scheitelk\u00e4ppchen, dem Birett und der Mitra &#8211; der Saarl\u00e4nder sammelt geistliche Kopfbedeckungen und hat eine weltweit einzigartige Sammlung zusammengetragen. &#8220;<\/p>\n<\/div><\/div><\/div><div class=\"visible wf-cell\" data-post-id=\"1494\" data-date=\"2020-09-30T13:04:10+02:00\" data-name=\"Zenit - Die Welt von rom aus gesehen\"><div class=\"testimonial-item post visible\"><div class=\"testimonial-author\"><div class=\"testimonial-avatar\"><span class=\"testim-no-avatar\"><svg version=\"1.1\" xmlns=\"http:\/\/www.w3.org\/2000\/svg\" width=\"70\" height=\"70\" xmlns:xlink=\"http:\/\/www.w3.org\/1999\/xlink\" x=\"0px\" y=\"0px\"\n\t viewBox=\"0 0 60 60\" style=\"enable-background:new 0 0 60 60;\" xml:space=\"preserve\">\n<path d=\"M30,1.5c-16.542,0-30,12.112-30,27c0,5.204,1.646,10.245,4.768,14.604c-0.591,6.537-2.175,11.39-4.475,13.689\n\tc-0.304,0.304-0.38,0.769-0.188,1.153C0.275,58.289,0.625,58.5,1,58.5c0.046,0,0.092-0.003,0.139-0.01\n\tc0.405-0.057,9.813-1.411,16.618-5.339C21.621,54.71,25.737,55.5,30,55.5c16.542,0,30-12.112,30-27S46.542,1.5,30,1.5z M16,32.5\n\tc-2.206,0-4-1.794-4-4s1.794-4,4-4s4,1.794,4,4S18.206,32.5,16,32.5z M30,32.5c-2.206,0-4-1.794-4-4s1.794-4,4-4s4,1.794,4,4\n\tS32.206,32.5,30,32.5z M44,32.5c-2.206,0-4-1.794-4-4s1.794-4,4-4s4,1.794,4,4S46.206,32.5,44,32.5z\"\/>\n<\/svg><\/span><\/div><div class=\"testimonial-vcard\"><div class=\"testimonial-name\"><span class=\"text-primary\">Zenit &#8211; Die Welt von rom aus gesehen<\/span><br \/><\/div><div class=\"testimonial-position\"><span class=\"text-secondary color-secondary\">17. Januar 2012<\/span><\/div><\/div><\/div><div class=\"testimonial-content\"><p>Lauter alte und viele neue H\u00fcte &#8211; Eine ungew\u00f6hnliche religi\u00f6se Sammlung &#8220;F\u00fcr den Besitzer der gr\u00f6\u00dften Sammlung mit religi\u00f6sen Kopfbedeckungen der Welt, Dieter Philippi, k\u00f6nnte es bald einen gro\u00dfen neuen Schritt f\u00fcr seine Sammlunggeben.&#8221;<\/p>\n<\/div><\/div><\/div><div class=\"visible wf-cell\" data-post-id=\"1492\" data-date=\"2020-09-30T13:01:31+02:00\" data-name=\"Infobrief des Saarl\u00e4ndischen Museumsverbandes\"><div class=\"testimonial-item post visible\"><div class=\"testimonial-author\"><div class=\"testimonial-avatar\"><span class=\"testimonial-thumb layzr-bg\"><img class=\"preload-me iso-lazy-load\" src=\"data:image\/svg+xml,%3Csvg%20xmlns%3D&#39;http%3A%2F%2Fwww.w3.org%2F2000%2Fsvg&#39;%20viewBox%3D&#39;0%200%2070%2070&#39;%2F%3E\" data-src=\"https:\/\/philippi-collection.de\/wp-content\/uploads\/2020\/09\/SMV-70x70.png\" data-srcset=\"https:\/\/philippi-collection.de\/wp-content\/uploads\/2020\/09\/SMV-70x70.png 70w, https:\/\/philippi-collection.de\/wp-content\/uploads\/2020\/09\/SMV-140x140.png 140w\" width=\"70\" height=\"70\"   alt=\"\" \/><\/span><\/div><div class=\"testimonial-vcard\"><div class=\"testimonial-name\"><span class=\"text-primary\">Infobrief des Saarl\u00e4ndischen Museumsverbandes<\/span><br \/><\/div><div class=\"testimonial-position\"><span class=\"text-secondary color-secondary\">03\/2011<\/span><\/div><\/div><\/div><div class=\"testimonial-content\"><p>Museen stellen sich vor &#8211; Die Sammlung Philippi &#8220;Die Sammlung Philippi ist eine von dem Unternehmer Dieter Philippi, Vorstand der Herweck AG, Kirkel zusammengetragene Privatsammlung.&#8221;<\/p>\n<\/div><\/div><\/div><div class=\"visible wf-cell\" data-post-id=\"1491\" data-date=\"2020-09-30T12:55:38+02:00\" data-name=\"Saarbr\u00fccker Zeitung\"><div class=\"testimonial-item post visible\"><div class=\"testimonial-author\"><div class=\"testimonial-avatar\"><span class=\"testimonial-thumb layzr-bg\"><img class=\"preload-me iso-lazy-load\" src=\"data:image\/svg+xml,%3Csvg%20xmlns%3D&#39;http%3A%2F%2Fwww.w3.org%2F2000%2Fsvg&#39;%20viewBox%3D&#39;0%200%2070%2070&#39;%2F%3E\" data-src=\"https:\/\/philippi-collection.de\/wp-content\/uploads\/2020\/09\/SZ-70x70.png\" data-srcset=\"https:\/\/philippi-collection.de\/wp-content\/uploads\/2020\/09\/SZ-70x70.png 70w, https:\/\/philippi-collection.de\/wp-content\/uploads\/2020\/09\/SZ-121x121.png 121w\" width=\"70\" height=\"70\"   alt=\"\" \/><\/span><\/div><div class=\"testimonial-vcard\"><div class=\"testimonial-name\"><span class=\"text-primary\">Saarbr\u00fccker Zeitung<\/span><br \/><\/div><div class=\"testimonial-position\"><span class=\"text-secondary color-secondary\">22. September 2011<\/span><\/div><\/div><\/div><div class=\"testimonial-content\"><p>Der Papst kommt &#8211; aber verkauft werden Benediktus-Medaillen &#8220;Unser Gl\u00fcck war, dass Dieter Philippi, der auch ein Buch \u00fcber den Papst geschrieben hat und eine gro\u00dfe private Papstsammlung besitzt, Saarbr\u00fccker ist und bereit war, uns einige Sachen zu leihen.&#8221;<\/p>\n<\/div><\/div><\/div><div class=\"visible wf-cell\" data-post-id=\"1489\" data-date=\"2020-09-30T12:51:35+02:00\" data-name=\"Top Magazin Saarland\"><div class=\"testimonial-item post visible\"><div class=\"testimonial-author\"><div class=\"testimonial-avatar\"><span class=\"testimonial-thumb layzr-bg\"><img class=\"preload-me iso-lazy-load\" src=\"data:image\/svg+xml,%3Csvg%20xmlns%3D&#39;http%3A%2F%2Fwww.w3.org%2F2000%2Fsvg&#39;%20viewBox%3D&#39;0%200%2070%2070&#39;%2F%3E\" data-src=\"https:\/\/philippi-collection.de\/wp-content\/uploads\/2020\/09\/top-70x70.png\" data-srcset=\"https:\/\/philippi-collection.de\/wp-content\/uploads\/2020\/09\/top-70x70.png 70w, https:\/\/philippi-collection.de\/wp-content\/uploads\/2020\/09\/top-132x132.png 132w\" width=\"70\" height=\"70\"   alt=\"\" \/><\/span><\/div><div class=\"testimonial-vcard\"><div class=\"testimonial-name\"><span class=\"text-primary\">Top Magazin Saarland<\/span><br \/><\/div><div class=\"testimonial-position\"><span class=\"text-secondary color-secondary\">Herbst 2011<\/span><\/div><\/div><\/div><div class=\"testimonial-content\"><p>Samt und Seide f\u00fcr&#8217;s Kirchenoberhaupt &#8220;Unternehmer Dieter Philippi sammelt klerikalen Kopfschmuck.&#8221;<\/p>\n<\/div><\/div><\/div><div class=\"visible wf-cell\" data-post-id=\"1487\" data-date=\"2020-09-30T12:47:03+02:00\" data-name=\"Deutschlandradio Kultur\"><div class=\"testimonial-item post visible\"><div class=\"testimonial-author\"><div class=\"testimonial-avatar\"><span class=\"testimonial-thumb layzr-bg\"><img class=\"preload-me iso-lazy-load\" src=\"data:image\/svg+xml,%3Csvg%20xmlns%3D&#39;http%3A%2F%2Fwww.w3.org%2F2000%2Fsvg&#39;%20viewBox%3D&#39;0%200%2070%2070&#39;%2F%3E\" data-src=\"https:\/\/philippi-collection.de\/wp-content\/uploads\/2020\/09\/Kultur-70x70.png\" data-srcset=\"https:\/\/philippi-collection.de\/wp-content\/uploads\/2020\/09\/Kultur-70x70.png 70w\" width=\"70\" height=\"70\"   alt=\"\" \/><\/span><\/div><div class=\"testimonial-vcard\"><div class=\"testimonial-name\"><span class=\"text-primary\">Deutschlandradio Kultur<\/span><br \/><\/div><div class=\"testimonial-position\"><span class=\"text-secondary color-secondary\">2. Juli 2011<\/span><\/div><\/div><\/div><div class=\"testimonial-content\"><p>Klerikaler Kopfschmuck &#8220;Kaum einer kennt sich mit p\u00e4pstlichen Kopfbedeckungen so gut aus wie der Sammler Dieter Philippi.&#8221;<\/p>\n<\/div><\/div><\/div><div class=\"visible wf-cell\" data-post-id=\"1486\" data-date=\"2020-09-30T12:42:06+02:00\" data-name=\"Saarl\u00e4ndischer Rundfunk SR 2\"><div class=\"testimonial-item post visible\"><div class=\"testimonial-author\"><div class=\"testimonial-avatar\"><span class=\"testimonial-thumb layzr-bg\"><img class=\"preload-me iso-lazy-load\" src=\"data:image\/svg+xml,%3Csvg%20xmlns%3D&#39;http%3A%2F%2Fwww.w3.org%2F2000%2Fsvg&#39;%20viewBox%3D&#39;0%200%2070%2070&#39;%2F%3E\" data-src=\"https:\/\/philippi-collection.de\/wp-content\/uploads\/2020\/09\/SR2-70x70.png\" data-srcset=\"https:\/\/philippi-collection.de\/wp-content\/uploads\/2020\/09\/SR2-70x70.png 70w, https:\/\/philippi-collection.de\/wp-content\/uploads\/2020\/09\/SR2-140x140.png 140w\" width=\"70\" height=\"70\"   alt=\"\" \/><\/span><\/div><div class=\"testimonial-vcard\"><div class=\"testimonial-name\"><span class=\"text-primary\">Saarl\u00e4ndischer Rundfunk SR 2<\/span><br \/><\/div><div class=\"testimonial-position\"><span class=\"text-secondary color-secondary\">12. Juni 2011<\/span><\/div><\/div><\/div><div class=\"testimonial-content\"><p>,,Der Herr der H\u00fcte &#8211; Dieter Philippi und der klerikale Kopfschmuck&#8221;<\/p>\n<\/div><\/div><\/div><div class=\"visible wf-cell\" data-post-id=\"1485\" data-date=\"2020-09-30T12:39:52+02:00\" data-name=\"Saarbr\u00fccker Zeitung\"><div class=\"testimonial-item post visible\"><div class=\"testimonial-author\"><div class=\"testimonial-avatar\"><span class=\"testimonial-thumb layzr-bg\"><img class=\"preload-me iso-lazy-load\" src=\"data:image\/svg+xml,%3Csvg%20xmlns%3D&#39;http%3A%2F%2Fwww.w3.org%2F2000%2Fsvg&#39;%20viewBox%3D&#39;0%200%2070%2070&#39;%2F%3E\" data-src=\"https:\/\/philippi-collection.de\/wp-content\/uploads\/2020\/09\/SZ-70x70.png\" data-srcset=\"https:\/\/philippi-collection.de\/wp-content\/uploads\/2020\/09\/SZ-70x70.png 70w, https:\/\/philippi-collection.de\/wp-content\/uploads\/2020\/09\/SZ-121x121.png 121w\" width=\"70\" height=\"70\"   alt=\"\" \/><\/span><\/div><div class=\"testimonial-vcard\"><div class=\"testimonial-name\"><span class=\"text-primary\">Saarbr\u00fccker Zeitung<\/span><br \/><\/div><div class=\"testimonial-position\"><span class=\"text-secondary color-secondary\">31. Mai 2011<\/span><\/div><\/div><\/div><div class=\"testimonial-content\"><p>Kirkeler Unternehmer \u00fcberreicht Papst eine Tiara &#8220;Der deutsche Papst sollte eine Tiara aus dem Land erhalten, aus dem er stammt. Das war der Antrieb f\u00fcr Dieter Philippi eine solche Papstkrone anfertigen zu lassen.&#8221;<\/p>\n<\/div><\/div><\/div><div class=\"visible wf-cell\" data-post-id=\"1483\" data-date=\"2020-09-30T12:05:16+02:00\" data-name=\"Saarbr\u00fccker Zeitung\"><div class=\"testimonial-item post visible\"><div class=\"testimonial-author\"><div class=\"testimonial-avatar\"><span class=\"testimonial-thumb layzr-bg\"><img class=\"preload-me iso-lazy-load\" src=\"data:image\/svg+xml,%3Csvg%20xmlns%3D&#39;http%3A%2F%2Fwww.w3.org%2F2000%2Fsvg&#39;%20viewBox%3D&#39;0%200%2070%2070&#39;%2F%3E\" data-src=\"https:\/\/philippi-collection.de\/wp-content\/uploads\/2020\/09\/SZ-70x70.png\" data-srcset=\"https:\/\/philippi-collection.de\/wp-content\/uploads\/2020\/09\/SZ-70x70.png 70w, https:\/\/philippi-collection.de\/wp-content\/uploads\/2020\/09\/SZ-121x121.png 121w\" width=\"70\" height=\"70\"   alt=\"\" \/><\/span><\/div><div class=\"testimonial-vcard\"><div class=\"testimonial-name\"><span class=\"text-primary\">Saarbr\u00fccker Zeitung<\/span><br \/><\/div><div class=\"testimonial-position\"><span class=\"text-secondary color-secondary\">21. M\u00e4rz 2011<\/span><\/div><\/div><\/div><div class=\"testimonial-content\"><p>Gut beh\u00fctet auf dem Heiligen Stuhl &#8220;Eine Ausstellung in Saarbr\u00fccken zeigt Kopfbedeckungen religi\u00f6ser W\u00fcrdentr\u00e4ger.&#8221;<\/p>\n<\/div><\/div><\/div><div class=\"visible wf-cell\" data-post-id=\"1482\" data-date=\"2020-09-30T12:00:39+02:00\" data-name=\"Inside the Vatican\"><div class=\"testimonial-item post visible\"><div class=\"testimonial-author\"><div class=\"testimonial-avatar\"><span class=\"testim-no-avatar\"><svg version=\"1.1\" xmlns=\"http:\/\/www.w3.org\/2000\/svg\" width=\"70\" height=\"70\" xmlns:xlink=\"http:\/\/www.w3.org\/1999\/xlink\" x=\"0px\" y=\"0px\"\n\t viewBox=\"0 0 60 60\" style=\"enable-background:new 0 0 60 60;\" xml:space=\"preserve\">\n<path d=\"M30,1.5c-16.542,0-30,12.112-30,27c0,5.204,1.646,10.245,4.768,14.604c-0.591,6.537-2.175,11.39-4.475,13.689\n\tc-0.304,0.304-0.38,0.769-0.188,1.153C0.275,58.289,0.625,58.5,1,58.5c0.046,0,0.092-0.003,0.139-0.01\n\tc0.405-0.057,9.813-1.411,16.618-5.339C21.621,54.71,25.737,55.5,30,55.5c16.542,0,30-12.112,30-27S46.542,1.5,30,1.5z M16,32.5\n\tc-2.206,0-4-1.794-4-4s1.794-4,4-4s4,1.794,4,4S18.206,32.5,16,32.5z M30,32.5c-2.206,0-4-1.794-4-4s1.794-4,4-4s4,1.794,4,4\n\tS32.206,32.5,30,32.5z M44,32.5c-2.206,0-4-1.794-4-4s1.794-4,4-4s4,1.794,4,4S46.206,32.5,44,32.5z\"\/>\n<\/svg><\/span><\/div><div class=\"testimonial-vcard\"><div class=\"testimonial-name\"><span class=\"text-primary\">Inside the Vatican<\/span><br \/><\/div><div class=\"testimonial-position\"><span class=\"text-secondary color-secondary\">November 2010<\/span><\/div><\/div><\/div><div class=\"testimonial-content\"><p>The Philippi Collection &#8220;The Philippi headwear collection is currently the world&#8217;s largest collection of clerical, ecclesiastical and religious headcoverings&#8221;<\/p>\n<\/div><\/div><\/div><div class=\"visible wf-cell\" data-post-id=\"1480\" data-date=\"2020-09-30T11:54:43+02:00\" data-name=\"Saarbr\u00fccker Zeitung\"><div class=\"testimonial-item post visible\"><div class=\"testimonial-author\"><div class=\"testimonial-avatar\"><span class=\"testimonial-thumb layzr-bg\"><img class=\"preload-me iso-lazy-load\" src=\"data:image\/svg+xml,%3Csvg%20xmlns%3D&#39;http%3A%2F%2Fwww.w3.org%2F2000%2Fsvg&#39;%20viewBox%3D&#39;0%200%2070%2070&#39;%2F%3E\" data-src=\"https:\/\/philippi-collection.de\/wp-content\/uploads\/2020\/09\/SZ-70x70.png\" data-srcset=\"https:\/\/philippi-collection.de\/wp-content\/uploads\/2020\/09\/SZ-70x70.png 70w, https:\/\/philippi-collection.de\/wp-content\/uploads\/2020\/09\/SZ-121x121.png 121w\" width=\"70\" height=\"70\"   alt=\"\" \/><\/span><\/div><div class=\"testimonial-vcard\"><div class=\"testimonial-name\"><span class=\"text-primary\">Saarbr\u00fccker Zeitung<\/span><br \/><\/div><div class=\"testimonial-position\"><span class=\"text-secondary color-secondary\">23. September 2010 <\/span><\/div><\/div><\/div><div class=\"testimonial-content\"><p>Leidenschaft f\u00fcr die H\u00fcte der Frommen &#8220;Mehr als 500 H\u00fcte des Glaubens hat der saarl\u00e4ndische Unternehmer Dieter Philippi zusammengetragen.&#8221;<\/p>\n<\/div><\/div><\/div><div class=\"visible wf-cell\" data-post-id=\"1479\" data-date=\"2020-09-30T11:51:34+02:00\" data-name=\"... statt Stadtbilder - Die St\u00e4dtepartnerschaften der Stadt Koblenz\"><div class=\"testimonial-item post visible\"><div class=\"testimonial-author\"><div class=\"testimonial-avatar\"><span class=\"testim-no-avatar\"><svg version=\"1.1\" xmlns=\"http:\/\/www.w3.org\/2000\/svg\" width=\"70\" height=\"70\" xmlns:xlink=\"http:\/\/www.w3.org\/1999\/xlink\" x=\"0px\" y=\"0px\"\n\t viewBox=\"0 0 60 60\" style=\"enable-background:new 0 0 60 60;\" xml:space=\"preserve\">\n<path d=\"M30,1.5c-16.542,0-30,12.112-30,27c0,5.204,1.646,10.245,4.768,14.604c-0.591,6.537-2.175,11.39-4.475,13.689\n\tc-0.304,0.304-0.38,0.769-0.188,1.153C0.275,58.289,0.625,58.5,1,58.5c0.046,0,0.092-0.003,0.139-0.01\n\tc0.405-0.057,9.813-1.411,16.618-5.339C21.621,54.71,25.737,55.5,30,55.5c16.542,0,30-12.112,30-27S46.542,1.5,30,1.5z M16,32.5\n\tc-2.206,0-4-1.794-4-4s1.794-4,4-4s4,1.794,4,4S18.206,32.5,16,32.5z M30,32.5c-2.206,0-4-1.794-4-4s1.794-4,4-4s4,1.794,4,4\n\tS32.206,32.5,30,32.5z M44,32.5c-2.206,0-4-1.794-4-4s1.794-4,4-4s4,1.794,4,4S46.206,32.5,44,32.5z\"\/>\n<\/svg><\/span><\/div><div class=\"testimonial-vcard\"><div class=\"testimonial-name\"><span class=\"text-primary\">&#8230; statt Stadtbilder &#8211; Die St\u00e4dtepartnerschaften der Stadt Koblenz<\/span><br \/><\/div><div class=\"testimonial-position\"><span class=\"text-secondary color-secondary\">M\u00e4rz 2010<\/span><\/div><\/div><\/div><div class=\"testimonial-content\"><p>&#8220;Arlena Liggins: Zeigt her eure F\u00fc\u00dfe &#8211; Warum der Papst in rot predigt&#8221; &#8220;Wer, wenn nicht Herr Philippi, wei\u00df, dass hinter der Farbe Rot mehr steckt, als lediglich die Anpassung der Farbe der Schuhe an die Farbe des Messegewandes.&#8221;<\/p>\n<\/div><\/div><\/div><div class=\"visible wf-cell\" data-post-id=\"1478\" data-date=\"2020-09-30T11:44:37+02:00\" data-name=\"Wirtschaftsmagazin Euro Saar\"><div class=\"testimonial-item post visible\"><div class=\"testimonial-author\"><div class=\"testimonial-avatar\"><span class=\"testim-no-avatar\"><svg version=\"1.1\" xmlns=\"http:\/\/www.w3.org\/2000\/svg\" width=\"70\" height=\"70\" xmlns:xlink=\"http:\/\/www.w3.org\/1999\/xlink\" x=\"0px\" y=\"0px\"\n\t viewBox=\"0 0 60 60\" style=\"enable-background:new 0 0 60 60;\" xml:space=\"preserve\">\n<path d=\"M30,1.5c-16.542,0-30,12.112-30,27c0,5.204,1.646,10.245,4.768,14.604c-0.591,6.537-2.175,11.39-4.475,13.689\n\tc-0.304,0.304-0.38,0.769-0.188,1.153C0.275,58.289,0.625,58.5,1,58.5c0.046,0,0.092-0.003,0.139-0.01\n\tc0.405-0.057,9.813-1.411,16.618-5.339C21.621,54.71,25.737,55.5,30,55.5c16.542,0,30-12.112,30-27S46.542,1.5,30,1.5z M16,32.5\n\tc-2.206,0-4-1.794-4-4s1.794-4,4-4s4,1.794,4,4S18.206,32.5,16,32.5z M30,32.5c-2.206,0-4-1.794-4-4s1.794-4,4-4s4,1.794,4,4\n\tS32.206,32.5,30,32.5z M44,32.5c-2.206,0-4-1.794-4-4s1.794-4,4-4s4,1.794,4,4S46.206,32.5,44,32.5z\"\/>\n<\/svg><\/span><\/div><div class=\"testimonial-vcard\"><div class=\"testimonial-name\"><span class=\"text-primary\">Wirtschaftsmagazin Euro Saar<\/span><br \/><\/div><div class=\"testimonial-position\"><span class=\"text-secondary color-secondary\">4\/2010<\/span><\/div><\/div><\/div><div class=\"testimonial-content\"><p>&#8220;Wer was auf sich h\u00e4lt &#8211; h\u00e4lt sich bedeckt&#8221; &#8220;So viele unterschiedliche K\u00f6pfe es gibt, so viele H\u00fcte gibt es!&#8221;<\/p>\n<\/div><\/div><\/div><div class=\"visible wf-cell\" data-post-id=\"1476\" data-date=\"2020-09-30T11:39:50+02:00\" data-name=\"TAZ - die Tageszeitung\"><div class=\"testimonial-item post visible\"><div class=\"testimonial-author\"><div class=\"testimonial-avatar\"><span class=\"testimonial-thumb layzr-bg\"><img class=\"preload-me iso-lazy-load\" src=\"data:image\/svg+xml,%3Csvg%20xmlns%3D&#39;http%3A%2F%2Fwww.w3.org%2F2000%2Fsvg&#39;%20viewBox%3D&#39;0%200%2070%2070&#39;%2F%3E\" data-src=\"https:\/\/philippi-collection.de\/wp-content\/uploads\/2020\/09\/taz-70x70.png\" data-srcset=\"https:\/\/philippi-collection.de\/wp-content\/uploads\/2020\/09\/taz-70x70.png 70w, https:\/\/philippi-collection.de\/wp-content\/uploads\/2020\/09\/taz-85x85.png 85w\" width=\"70\" height=\"70\"   alt=\"\" \/><\/span><\/div><div class=\"testimonial-vcard\"><div class=\"testimonial-name\"><span class=\"text-primary\">TAZ &#8211; die Tageszeitung<\/span><br \/><\/div><div class=\"testimonial-position\"><span class=\"text-secondary color-secondary\">7.\/8. August 2010<\/span><\/div><\/div><\/div><div class=\"testimonial-content\"><p>&#8220;So frieren M\u00f6nche nicht&#8221; &#8220;Dieter Philippi entdeckte seine Leidenschaft: H\u00fcte von Geistlichen&#8221;<\/p>\n<\/div><\/div><\/div><div class=\"visible wf-cell\" data-post-id=\"1475\" data-date=\"2020-09-30T11:36:18+02:00\" data-name=\"Club Chapeau Passion\"><div class=\"testimonial-item post visible\"><div class=\"testimonial-author\"><div class=\"testimonial-avatar\"><span class=\"testim-no-avatar\"><svg version=\"1.1\" xmlns=\"http:\/\/www.w3.org\/2000\/svg\" width=\"70\" height=\"70\" xmlns:xlink=\"http:\/\/www.w3.org\/1999\/xlink\" x=\"0px\" y=\"0px\"\n\t viewBox=\"0 0 60 60\" style=\"enable-background:new 0 0 60 60;\" xml:space=\"preserve\">\n<path d=\"M30,1.5c-16.542,0-30,12.112-30,27c0,5.204,1.646,10.245,4.768,14.604c-0.591,6.537-2.175,11.39-4.475,13.689\n\tc-0.304,0.304-0.38,0.769-0.188,1.153C0.275,58.289,0.625,58.5,1,58.5c0.046,0,0.092-0.003,0.139-0.01\n\tc0.405-0.057,9.813-1.411,16.618-5.339C21.621,54.71,25.737,55.5,30,55.5c16.542,0,30-12.112,30-27S46.542,1.5,30,1.5z M16,32.5\n\tc-2.206,0-4-1.794-4-4s1.794-4,4-4s4,1.794,4,4S18.206,32.5,16,32.5z M30,32.5c-2.206,0-4-1.794-4-4s1.794-4,4-4s4,1.794,4,4\n\tS32.206,32.5,30,32.5z M44,32.5c-2.206,0-4-1.794-4-4s1.794-4,4-4s4,1.794,4,4S46.206,32.5,44,32.5z\"\/>\n<\/svg><\/span><\/div><div class=\"testimonial-vcard\"><div class=\"testimonial-name\"><span class=\"text-primary\">Club Chapeau Passion<\/span><br \/><\/div><div class=\"testimonial-position\"><span class=\"text-secondary color-secondary\">Bulletin No. 51 - Jullillet 2010<\/span><\/div><\/div><\/div><div class=\"testimonial-content\"><p>Sammlung Philippi ou la collection Philippi &#8221; Une somme de 700 pages, pesant 4,5 kg!&#8221;<\/p>\n<\/div><\/div><\/div><div class=\"visible wf-cell\" data-post-id=\"1473\" data-date=\"2020-09-30T11:31:44+02:00\" data-name=\"Saarl\u00e4ndischer Rundfunk SR2\"><div class=\"testimonial-item post visible\"><div class=\"testimonial-author\"><div class=\"testimonial-avatar\"><span class=\"testimonial-thumb layzr-bg\"><img class=\"preload-me iso-lazy-load\" src=\"data:image\/svg+xml,%3Csvg%20xmlns%3D&#39;http%3A%2F%2Fwww.w3.org%2F2000%2Fsvg&#39;%20viewBox%3D&#39;0%200%2070%2070&#39;%2F%3E\" data-src=\"https:\/\/philippi-collection.de\/wp-content\/uploads\/2020\/09\/SR2-70x70.png\" data-srcset=\"https:\/\/philippi-collection.de\/wp-content\/uploads\/2020\/09\/SR2-70x70.png 70w, https:\/\/philippi-collection.de\/wp-content\/uploads\/2020\/09\/SR2-140x140.png 140w\" width=\"70\" height=\"70\"   alt=\"\" \/><\/span><\/div><div class=\"testimonial-vcard\"><div class=\"testimonial-name\"><span class=\"text-primary\">Saarl\u00e4ndischer Rundfunk SR2<\/span><br \/><\/div><div class=\"testimonial-position\"><span class=\"text-secondary color-secondary\">08. Februar 2010<\/span><\/div><\/div><\/div><div class=\"testimonial-content\"><p>,,Scheitelk\u00e4ppchen, Birett und Mitra&#8221;<\/p>\n<\/div><\/div><\/div><div class=\"visible wf-cell\" data-post-id=\"1472\" data-date=\"2020-09-30T11:27:52+02:00\" data-name=\"Andreas Sauer Fachbuchkritik\"><div class=\"testimonial-item post visible\"><div class=\"testimonial-author\"><div class=\"testimonial-avatar\"><span class=\"testim-no-avatar\"><svg version=\"1.1\" xmlns=\"http:\/\/www.w3.org\/2000\/svg\" width=\"70\" height=\"70\" xmlns:xlink=\"http:\/\/www.w3.org\/1999\/xlink\" x=\"0px\" y=\"0px\"\n\t viewBox=\"0 0 60 60\" style=\"enable-background:new 0 0 60 60;\" xml:space=\"preserve\">\n<path d=\"M30,1.5c-16.542,0-30,12.112-30,27c0,5.204,1.646,10.245,4.768,14.604c-0.591,6.537-2.175,11.39-4.475,13.689\n\tc-0.304,0.304-0.38,0.769-0.188,1.153C0.275,58.289,0.625,58.5,1,58.5c0.046,0,0.092-0.003,0.139-0.01\n\tc0.405-0.057,9.813-1.411,16.618-5.339C21.621,54.71,25.737,55.5,30,55.5c16.542,0,30-12.112,30-27S46.542,1.5,30,1.5z M16,32.5\n\tc-2.206,0-4-1.794-4-4s1.794-4,4-4s4,1.794,4,4S18.206,32.5,16,32.5z M30,32.5c-2.206,0-4-1.794-4-4s1.794-4,4-4s4,1.794,4,4\n\tS32.206,32.5,30,32.5z M44,32.5c-2.206,0-4-1.794-4-4s1.794-4,4-4s4,1.794,4,4S46.206,32.5,44,32.5z\"\/>\n<\/svg><\/span><\/div><div class=\"testimonial-vcard\"><div class=\"testimonial-name\"><span class=\"text-primary\">Andreas Sauer Fachbuchkritik<\/span><br \/><\/div><div class=\"testimonial-position\"><span class=\"text-secondary color-secondary\">14. Januar 2010<\/span><\/div><\/div><\/div><div class=\"testimonial-content\"><p>Sammlung Philippi &#8221; Religi\u00f6se Kopfbedeckungen sind \u00fcberraschend fantasievoll, pr\u00e4chtig, \u00e4sthetisch oder auch ungew\u00f6hnlich.&#8221;<\/p>\n<\/div><\/div><\/div><div class=\"visible wf-cell\" data-post-id=\"1470\" data-date=\"2020-09-30T11:04:15+02:00\" data-name=\"NZZ - Neue Z\u00fcricher Zeitung\"><div class=\"testimonial-item post visible\"><div class=\"testimonial-author\"><div class=\"testimonial-avatar\"><span class=\"testimonial-thumb layzr-bg\"><img class=\"preload-me iso-lazy-load\" src=\"data:image\/svg+xml,%3Csvg%20xmlns%3D&#39;http%3A%2F%2Fwww.w3.org%2F2000%2Fsvg&#39;%20viewBox%3D&#39;0%200%2070%2070&#39;%2F%3E\" data-src=\"https:\/\/philippi-collection.de\/wp-content\/uploads\/2020\/09\/NZZ-70x70.png\" data-srcset=\"https:\/\/philippi-collection.de\/wp-content\/uploads\/2020\/09\/NZZ-70x70.png 70w, https:\/\/philippi-collection.de\/wp-content\/uploads\/2020\/09\/NZZ-122x122.png 122w\" width=\"70\" height=\"70\"   alt=\"\" \/><\/span><\/div><div class=\"testimonial-vcard\"><div class=\"testimonial-name\"><span class=\"text-primary\">NZZ &#8211; Neue Z\u00fcricher Zeitung<\/span><br \/><\/div><div class=\"testimonial-position\"><span class=\"text-secondary color-secondary\">Folio Nr. 7 vom 05. Juli 2010<\/span><\/div><\/div><\/div><div class=\"testimonial-content\"><p>Wenn der Kardinal mal tot ist ,,Dieter Philippi ist eigentlich Vorstand einer Telekommunikationsfirma. Doch seit 10 Jahren studiert er Wesen und Beschaffenheit klerikaler Kopfbedeckungen. 500 H\u00fcte hat er bereits gesammelt.&#8221;<\/p>\n<\/div><\/div><\/div><div class=\"visible wf-cell\" data-post-id=\"1468\" data-date=\"2020-09-30T10:58:01+02:00\" data-name=\"Kathnews\"><div class=\"testimonial-item post visible\"><div class=\"testimonial-author\"><div class=\"testimonial-avatar\"><span class=\"testimonial-thumb layzr-bg\"><img class=\"preload-me iso-lazy-load\" src=\"data:image\/svg+xml,%3Csvg%20xmlns%3D&#39;http%3A%2F%2Fwww.w3.org%2F2000%2Fsvg&#39;%20viewBox%3D&#39;0%200%2070%2070&#39;%2F%3E\" data-src=\"https:\/\/philippi-collection.de\/wp-content\/uploads\/2020\/09\/kath-70x70.png\" data-srcset=\"https:\/\/philippi-collection.de\/wp-content\/uploads\/2020\/09\/kath-70x70.png 70w, https:\/\/philippi-collection.de\/wp-content\/uploads\/2020\/09\/kath-140x140.png 140w\" width=\"70\" height=\"70\"   alt=\"\" \/><\/span><\/div><div class=\"testimonial-vcard\"><div class=\"testimonial-name\"><span class=\"text-primary\">Kathnews<\/span><br \/><\/div><div class=\"testimonial-position\"><span class=\"text-secondary color-secondary\">28. Juni 2020 <\/span><\/div><\/div><\/div><div class=\"testimonial-content\"><p>Ein besonderer Weg, sich mit Religion zu besch\u00e4ftigen &#8220;Die weltweit sicherlich gr\u00f6\u00dfte Sammlung religi\u00f6ser Kopfbedeckungen befindet sich im Besitz von Dieter Philippi&#8221;<\/p>\n<\/div><\/div><\/div><div class=\"visible wf-cell\" data-post-id=\"1466\" data-date=\"2020-09-30T10:53:08+02:00\" data-name=\"Passauer Bistumsblatt\"><div class=\"testimonial-item post visible\"><div class=\"testimonial-author\"><div class=\"testimonial-avatar\"><span class=\"testimonial-thumb layzr-bg\"><img class=\"preload-me iso-lazy-load\" src=\"data:image\/svg+xml,%3Csvg%20xmlns%3D&#39;http%3A%2F%2Fwww.w3.org%2F2000%2Fsvg&#39;%20viewBox%3D&#39;0%200%2070%2070&#39;%2F%3E\" data-src=\"https:\/\/philippi-collection.de\/wp-content\/uploads\/2020\/09\/Passauer-70x70.png\" data-srcset=\"https:\/\/philippi-collection.de\/wp-content\/uploads\/2020\/09\/Passauer-70x70.png 70w, https:\/\/philippi-collection.de\/wp-content\/uploads\/2020\/09\/Passauer-140x140.png 140w\" width=\"70\" height=\"70\"   alt=\"\" \/><\/span><\/div><div class=\"testimonial-vcard\"><div class=\"testimonial-name\"><span class=\"text-primary\">Passauer Bistumsblatt<\/span><br \/><\/div><div class=\"testimonial-position\"><span class=\"text-secondary color-secondary\">28. Februar 2010<\/span><\/div><\/div><\/div><div class=\"testimonial-content\"><p>Kirchenoberh\u00e4upter sind gut beh\u00fctet &#8220;Faszinierendes Buch \u00fcber Kopfbedeckungen in Glaube, Religion und Spiritualit\u00e4t&#8221;<\/p>\n<\/div><\/div><\/div><div class=\"visible wf-cell\" data-post-id=\"1464\" data-date=\"2020-09-30T10:46:30+02:00\" data-name=\"Chrismon.de Buchtipps\"><div class=\"testimonial-item post visible\"><div class=\"testimonial-author\"><div class=\"testimonial-avatar\"><span class=\"testimonial-thumb layzr-bg\"><img class=\"preload-me iso-lazy-load\" src=\"data:image\/svg+xml,%3Csvg%20xmlns%3D&#39;http%3A%2F%2Fwww.w3.org%2F2000%2Fsvg&#39;%20viewBox%3D&#39;0%200%2070%2070&#39;%2F%3E\" data-src=\"https:\/\/philippi-collection.de\/wp-content\/uploads\/2020\/09\/Chrismon-70x70.png\" data-srcset=\"https:\/\/philippi-collection.de\/wp-content\/uploads\/2020\/09\/Chrismon-70x70.png 70w, https:\/\/philippi-collection.de\/wp-content\/uploads\/2020\/09\/Chrismon-140x140.png 140w\" width=\"70\" height=\"70\"   alt=\"\" \/><\/span><\/div><div class=\"testimonial-vcard\"><div class=\"testimonial-name\"><span class=\"text-primary\">Chrismon.de Buchtipps<\/span><br \/><\/div><div class=\"testimonial-position\"><span class=\"text-secondary color-secondary\">4. Januar 2010<\/span><\/div><\/div><\/div><div class=\"testimonial-content\"><p>Sammlung Philippi &#8220;Kopfbedeckungen in Glaube, Religion und Spiritualit\u00e4t&#8221;<\/p>\n<\/div><\/div><\/div><div class=\"visible wf-cell\" data-post-id=\"1463\" data-date=\"2020-09-30T10:33:55+02:00\" data-name=\"Rundschau\"><div class=\"testimonial-item post visible\"><div class=\"testimonial-author\"><div class=\"testimonial-avatar\"><span class=\"testim-no-avatar\"><svg version=\"1.1\" xmlns=\"http:\/\/www.w3.org\/2000\/svg\" width=\"70\" height=\"70\" xmlns:xlink=\"http:\/\/www.w3.org\/1999\/xlink\" x=\"0px\" y=\"0px\"\n\t viewBox=\"0 0 60 60\" style=\"enable-background:new 0 0 60 60;\" xml:space=\"preserve\">\n<path d=\"M30,1.5c-16.542,0-30,12.112-30,27c0,5.204,1.646,10.245,4.768,14.604c-0.591,6.537-2.175,11.39-4.475,13.689\n\tc-0.304,0.304-0.38,0.769-0.188,1.153C0.275,58.289,0.625,58.5,1,58.5c0.046,0,0.092-0.003,0.139-0.01\n\tc0.405-0.057,9.813-1.411,16.618-5.339C21.621,54.71,25.737,55.5,30,55.5c16.542,0,30-12.112,30-27S46.542,1.5,30,1.5z M16,32.5\n\tc-2.206,0-4-1.794-4-4s1.794-4,4-4s4,1.794,4,4S18.206,32.5,16,32.5z M30,32.5c-2.206,0-4-1.794-4-4s1.794-4,4-4s4,1.794,4,4\n\tS32.206,32.5,30,32.5z M44,32.5c-2.206,0-4-1.794-4-4s1.794-4,4-4s4,1.794,4,4S46.206,32.5,44,32.5z\"\/>\n<\/svg><\/span><\/div><div class=\"testimonial-vcard\"><div class=\"testimonial-name\"><span class=\"text-primary\">Rundschau<\/span><br \/><\/div><div class=\"testimonial-position\"><span class=\"text-secondary color-secondary\">Heft 1-2\/2010<\/span><\/div><\/div><\/div><div class=\"testimonial-content\"><p>Kopfbedeckungen in Glaube, Religion und Spiritualit\u00e4t &#8220;Das Bedecken des Hauptes, der h\u00f6chsten Stelle des menschlichen K\u00f6rpers, ist so alt wie die Menschheit.&#8221;<\/p>\n<\/div><\/div><\/div><div class=\"visible wf-cell\" data-post-id=\"1461\" data-date=\"2020-09-30T10:18:28+02:00\" data-name=\"Pressemitteilung St. Benno Verlag\"><div class=\"testimonial-item post visible\"><div class=\"testimonial-author\"><div class=\"testimonial-avatar\"><span class=\"testimonial-thumb layzr-bg\"><img class=\"preload-me iso-lazy-load\" src=\"data:image\/svg+xml,%3Csvg%20xmlns%3D&#39;http%3A%2F%2Fwww.w3.org%2F2000%2Fsvg&#39;%20viewBox%3D&#39;0%200%2070%2070&#39;%2F%3E\" data-src=\"https:\/\/philippi-collection.de\/wp-content\/uploads\/2020\/09\/Benno-70x70.png\" data-srcset=\"https:\/\/philippi-collection.de\/wp-content\/uploads\/2020\/09\/Benno-70x70.png 70w, https:\/\/philippi-collection.de\/wp-content\/uploads\/2020\/09\/Benno.png 130w\" width=\"70\" height=\"70\"   alt=\"\" \/><\/span><\/div><div class=\"testimonial-vcard\"><div class=\"testimonial-name\"><span class=\"text-primary\">Pressemitteilung St. Benno Verlag<\/span><br \/><\/div><div class=\"testimonial-position\"><span class=\"text-secondary color-secondary\">2. November 2009 <\/span><\/div><\/div><\/div><div class=\"testimonial-content\"><p>Gut beh\u00fctet &#8220;Weltweit gr\u00f6\u00dfte Sammlung religi\u00f6ser Kopfbedeckungen&#8221;<\/p>\n<\/div><\/div><\/div><div class=\"visible wf-cell\" data-post-id=\"1459\" data-date=\"2020-09-30T10:14:33+02:00\" data-name=\"The Hat Magazine\"><div class=\"testimonial-item post visible\"><div class=\"testimonial-author\"><div class=\"testimonial-avatar\"><span class=\"testimonial-thumb layzr-bg\"><img class=\"preload-me iso-lazy-load\" src=\"data:image\/svg+xml,%3Csvg%20xmlns%3D&#39;http%3A%2F%2Fwww.w3.org%2F2000%2Fsvg&#39;%20viewBox%3D&#39;0%200%2070%2070&#39;%2F%3E\" data-src=\"https:\/\/philippi-collection.de\/wp-content\/uploads\/2020\/09\/Hat-70x70.png\" data-srcset=\"https:\/\/philippi-collection.de\/wp-content\/uploads\/2020\/09\/Hat-70x70.png 70w, https:\/\/philippi-collection.de\/wp-content\/uploads\/2020\/09\/Hat-86x86.png 86w\" width=\"70\" height=\"70\"   alt=\"\" \/><\/span><\/div><div class=\"testimonial-vcard\"><div class=\"testimonial-name\"><span class=\"text-primary\">The Hat Magazine<\/span><br \/><\/div><div class=\"testimonial-position\"><span class=\"text-secondary color-secondary\">43\/2009<\/span><\/div><\/div><\/div><div class=\"testimonial-content\"><p>Sammlung Philippi &#8220;This amazing book is a very thorough and complete history of ecclesiastical headwear.&#8221;<\/p>\n<\/div><\/div><\/div><div class=\"visible wf-cell\" data-post-id=\"1457\" data-date=\"2020-09-30T10:09:06+02:00\" data-name=\"Die Tagespost\"><div class=\"testimonial-item post visible\"><div class=\"testimonial-author\"><div class=\"testimonial-avatar\"><span class=\"testimonial-thumb layzr-bg\"><img class=\"preload-me iso-lazy-load\" src=\"data:image\/svg+xml,%3Csvg%20xmlns%3D&#39;http%3A%2F%2Fwww.w3.org%2F2000%2Fsvg&#39;%20viewBox%3D&#39;0%200%2070%2070&#39;%2F%3E\" data-src=\"https:\/\/philippi-collection.de\/wp-content\/uploads\/2020\/09\/Post-70x70.png\" data-srcset=\"https:\/\/philippi-collection.de\/wp-content\/uploads\/2020\/09\/Post-70x70.png 70w, https:\/\/philippi-collection.de\/wp-content\/uploads\/2020\/09\/Post-105x105.png 105w\" width=\"70\" height=\"70\"   alt=\"\" \/><\/span><\/div><div class=\"testimonial-vcard\"><div class=\"testimonial-name\"><span class=\"text-primary\">Die Tagespost<\/span><br \/><\/div><div class=\"testimonial-position\"><span class=\"text-secondary color-secondary\">29. Oktober 2009<\/span><\/div><\/div><\/div><div class=\"testimonial-content\"><p>Meisterwerke religi\u00f6ser Textilkunst &#8211; Sammlung Philippi &#8220;Der Benno-Verlag hat einen exzellenten Bildband \u00fcber religi\u00f6se Kopfbedeckungen und Schuhe in den Weltreligionen herausgegeben.&#8221;<\/p>\n<\/div><\/div><\/div><div class=\"visible wf-cell\" data-post-id=\"1455\" data-date=\"2020-09-30T10:01:50+02:00\" data-name=\"Kost\u00fcmforum\"><div class=\"testimonial-item post visible\"><div class=\"testimonial-author\"><div class=\"testimonial-avatar\"><span class=\"testim-no-avatar\"><svg version=\"1.1\" xmlns=\"http:\/\/www.w3.org\/2000\/svg\" width=\"70\" height=\"70\" xmlns:xlink=\"http:\/\/www.w3.org\/1999\/xlink\" x=\"0px\" y=\"0px\"\n\t viewBox=\"0 0 60 60\" style=\"enable-background:new 0 0 60 60;\" xml:space=\"preserve\">\n<path d=\"M30,1.5c-16.542,0-30,12.112-30,27c0,5.204,1.646,10.245,4.768,14.604c-0.591,6.537-2.175,11.39-4.475,13.689\n\tc-0.304,0.304-0.38,0.769-0.188,1.153C0.275,58.289,0.625,58.5,1,58.5c0.046,0,0.092-0.003,0.139-0.01\n\tc0.405-0.057,9.813-1.411,16.618-5.339C21.621,54.71,25.737,55.5,30,55.5c16.542,0,30-12.112,30-27S46.542,1.5,30,1.5z M16,32.5\n\tc-2.206,0-4-1.794-4-4s1.794-4,4-4s4,1.794,4,4S18.206,32.5,16,32.5z M30,32.5c-2.206,0-4-1.794-4-4s1.794-4,4-4s4,1.794,4,4\n\tS32.206,32.5,30,32.5z M44,32.5c-2.206,0-4-1.794-4-4s1.794-4,4-4s4,1.794,4,4S46.206,32.5,44,32.5z\"\/>\n<\/svg><\/span><\/div><div class=\"testimonial-vcard\"><div class=\"testimonial-name\"><span class=\"text-primary\">Kost\u00fcmforum<\/span><br \/><\/div><div class=\"testimonial-position\"><span class=\"text-secondary color-secondary\">15. November 2009<\/span><\/div><\/div><\/div><div class=\"testimonial-content\"><p>Sammlung Philippi &#8220;Seit einigen Jahren geht Dieter Philippi, Mitbegr\u00fcnder und Vorstand eines Gro\u00dfhandelsunternehmens f\u00fcr Informations- und Telekommunikationstechnologie, einer ungew\u00f6hnlichen Leidenschaft nach: Er sammelt klerikale Kopfbedeckungen. &#8220;<\/p>\n<\/div><\/div><\/div><div class=\"visible wf-cell\" data-post-id=\"1452\" data-date=\"2020-09-30T09:57:04+02:00\" data-name=\"Financial Times Deutschland\"><div class=\"testimonial-item post visible\"><div class=\"testimonial-author\"><div class=\"testimonial-avatar\"><span class=\"testimonial-thumb layzr-bg\"><img class=\"preload-me iso-lazy-load\" src=\"data:image\/svg+xml,%3Csvg%20xmlns%3D&#39;http%3A%2F%2Fwww.w3.org%2F2000%2Fsvg&#39;%20viewBox%3D&#39;0%200%2057%2057&#39;%2F%3E\" data-src=\"https:\/\/philippi-collection.de\/wp-content\/uploads\/2020\/09\/Philippi-Website-57x57.png\" data-srcset=\"https:\/\/philippi-collection.de\/wp-content\/uploads\/2020\/09\/Philippi-Website-57x57.png 57w\" width=\"57\" height=\"57\"   alt=\"\" \/><\/span><\/div><div class=\"testimonial-vcard\"><div class=\"testimonial-name\"><span class=\"text-primary\">Financial Times Deutschland<\/span><br \/><\/div><div class=\"testimonial-position\"><span class=\"text-secondary color-secondary\">17. September 2009<\/span><\/div><\/div><\/div><div class=\"testimonial-content\"><p>H\u00fcter der H\u00fcte &#8220;Wenn es um Papstk\u00e4ppis, Sufi-Kronen oder buddhistische M\u00f6nchsm\u00fctzen geht, macht ihm keiner etwas vor: Der Chef der Herweck AG besitzt die gr\u00f6\u00dfte Sammlung klerikaler Kopfbedeckungen.&#8221;<\/p>\n<\/div><\/div><\/div><div class=\"visible wf-cell\" data-post-id=\"1451\" data-date=\"2020-09-30T09:48:14+02:00\" data-name=\"Hut ab!\"><div class=\"testimonial-item post visible\"><div class=\"testimonial-author\"><div class=\"testimonial-avatar\"><span class=\"testim-no-avatar\"><svg version=\"1.1\" xmlns=\"http:\/\/www.w3.org\/2000\/svg\" width=\"70\" height=\"70\" xmlns:xlink=\"http:\/\/www.w3.org\/1999\/xlink\" x=\"0px\" y=\"0px\"\n\t viewBox=\"0 0 60 60\" style=\"enable-background:new 0 0 60 60;\" xml:space=\"preserve\">\n<path d=\"M30,1.5c-16.542,0-30,12.112-30,27c0,5.204,1.646,10.245,4.768,14.604c-0.591,6.537-2.175,11.39-4.475,13.689\n\tc-0.304,0.304-0.38,0.769-0.188,1.153C0.275,58.289,0.625,58.5,1,58.5c0.046,0,0.092-0.003,0.139-0.01\n\tc0.405-0.057,9.813-1.411,16.618-5.339C21.621,54.71,25.737,55.5,30,55.5c16.542,0,30-12.112,30-27S46.542,1.5,30,1.5z M16,32.5\n\tc-2.206,0-4-1.794-4-4s1.794-4,4-4s4,1.794,4,4S18.206,32.5,16,32.5z M30,32.5c-2.206,0-4-1.794-4-4s1.794-4,4-4s4,1.794,4,4\n\tS32.206,32.5,30,32.5z M44,32.5c-2.206,0-4-1.794-4-4s1.794-4,4-4s4,1.794,4,4S46.206,32.5,44,32.5z\"\/>\n<\/svg><\/span><\/div><div class=\"testimonial-vcard\"><div class=\"testimonial-name\"><span class=\"text-primary\">Hut ab!<\/span><br \/><\/div><div class=\"testimonial-position\"><span class=\"text-secondary color-secondary\">THEO Magazin, Heft 3\/2009<\/span><\/div><\/div><\/div><div class=\"testimonial-content\"><p>&#8220;Dieter Philippi hat seit 2005 die weltweit einzige Sammlung religi\u00f6ser Kopfbedeckungen aufgebaut.&#8221;<\/p>\n<\/div><\/div><\/div><div class=\"visible wf-cell\" data-post-id=\"433\" data-date=\"2019-10-02T11:28:42+02:00\" data-name=\"Spiegel Online\"><div class=\"testimonial-item post visible\"><div class=\"testimonial-author\"><div class=\"testimonial-avatar\"><span class=\"testimonial-thumb layzr-bg\"><img class=\"preload-me iso-lazy-load\" src=\"data:image\/svg+xml,%3Csvg%20xmlns%3D&#39;http%3A%2F%2Fwww.w3.org%2F2000%2Fsvg&#39;%20viewBox%3D&#39;0%200%2070%2070&#39;%2F%3E\" data-src=\"https:\/\/philippi-collection.de\/wp-content\/uploads\/2019\/10\/Unbenannt-70x70.png\" data-srcset=\"https:\/\/philippi-collection.de\/wp-content\/uploads\/2019\/10\/Unbenannt-70x70.png 70w, https:\/\/philippi-collection.de\/wp-content\/uploads\/2019\/10\/Unbenannt-140x140.png 140w\" width=\"70\" height=\"70\"   alt=\"\" \/><\/span><\/div><div class=\"testimonial-vcard\"><div class=\"testimonial-name\"><span class=\"text-primary\">Spiegel Online<\/span><br \/><\/div><div class=\"testimonial-position\"><span class=\"text-secondary color-secondary\">4. Dezember 2009<\/span><\/div><\/div><\/div><div class=\"testimonial-content\"><p>Die H\u00fcte des Glaubens.\u00a0 ,,Eine verbl\u00fcffende Sammlung&#8221;.<\/p>\n<\/div><\/div><\/div><div class=\"visible wf-cell\" data-post-id=\"155\" data-date=\"2019-09-18T04:49:35+02:00\" data-name=\"Handelsblatt\"><div class=\"testimonial-item post visible\"><div class=\"testimonial-author\"><div class=\"testimonial-avatar\"><span class=\"testimonial-thumb layzr-bg\"><img class=\"preload-me iso-lazy-load\" src=\"data:image\/svg+xml,%3Csvg%20xmlns%3D&#39;http%3A%2F%2Fwww.w3.org%2F2000%2Fsvg&#39;%20viewBox%3D&#39;0%200%2070%2070&#39;%2F%3E\" data-src=\"https:\/\/philippi-collection.de\/wp-content\/uploads\/2019\/09\/Unbenannt2-70x70.png\" data-srcset=\"https:\/\/philippi-collection.de\/wp-content\/uploads\/2019\/09\/Unbenannt2-70x70.png 70w, https:\/\/philippi-collection.de\/wp-content\/uploads\/2019\/09\/Unbenannt2-140x140.png 140w\" width=\"70\" height=\"70\"   alt=\"\" \/><\/span><\/div><div class=\"testimonial-vcard\"><div class=\"testimonial-name\"><span class=\"text-primary\">Handelsblatt<\/span><br \/><\/div><div class=\"testimonial-position\"><span class=\"text-secondary color-secondary\">vom 15.\/16.\/17. April 2016, Seite 56<\/span><\/div><\/div><\/div><div class=\"testimonial-content\"><p>,,Katholik, Kirchg\u00e4nger, Kaufmann. Dieter Philippi sammelt religi\u00f6se Kopfbedeckungen.&#8221;<\/p>\n<\/div><\/div><\/div><\/div><!-- iso-container|iso-grid --><\/div>[\/vc_column][\/vc_row]<\/p>\n","protected":false},"excerpt":{"rendered":"<p>[vc_row][vc_column][\/vc_column][\/vc_row]<\/p>\n","protected":false},"author":1,"featured_media":0,"parent":1205,"menu_order":20,"comment_status":"closed","ping_status":"closed","template":"","meta":[],"translation":{"provider":"WPGlobus","version":"2.10.4","language":"en","enabled_languages":["de","en"],"languages":{"de":{"title":true,"content":true,"excerpt":false},"en":{"title":false,"content":false,"excerpt":false}}},"_links":{"self":[{"href":"https:\/\/philippi-collection.de\/en\/wp-json\/wp\/v2\/pages\/619"}],"collection":[{"href":"https:\/\/philippi-collection.de\/en\/wp-json\/wp\/v2\/pages"}],"about":[{"href":"https:\/\/philippi-collection.de\/en\/wp-json\/wp\/v2\/types\/page"}],"author":[{"embeddable":true,"href":"https:\/\/philippi-collection.de\/en\/wp-json\/wp\/v2\/users\/1"}],"replies":[{"embeddable":true,"href":"https:\/\/philippi-collection.de\/en\/wp-json\/wp\/v2\/comments?post=619"}],"version-history":[{"count":0,"href":"https:\/\/philippi-collection.de\/en\/wp-json\/wp\/v2\/pages\/619\/revisions"}],"up":[{"embeddable":true,"href":"https:\/\/philippi-collection.de\/en\/wp-json\/wp\/v2\/pages\/1205"}],"wp:attachment":[{"href":"https:\/\/philippi-collection.de\/en\/wp-json\/wp\/v2\/media?parent=619"}],"curies":[{"name":"wp","href":"https:\/\/api.w.org\/{rel}","templated":true}]}}